{"id":586,"date":"2020-01-30T09:15:09","date_gmt":"2020-01-30T09:15:09","guid":{"rendered":"https:\/\/centroloyolaelsalvador.org\/?page_id=586"},"modified":"2020-03-03T18:53:00","modified_gmt":"2020-03-04T01:23:00","slug":"historia","status":"publish","type":"page","link":"https:\/\/centroloyolaelsalvador.org\/organizaciones\/historia\/","title":{"rendered":"Historia"},"content":{"rendered":"<div class=\"wpb-content-wrapper\"><p>[vc_row css_animation=&#8221;&#8221; row_type=&#8221;row&#8221; use_row_as_full_screen_section=&#8221;no&#8221; type=&#8221;full_width&#8221; angled_section=&#8221;no&#8221; text_align=&#8221;left&#8221; background_image_as_pattern=&#8221;without_pattern&#8221; css=&#8221;.vc_custom_1580841082172{background-color: #f3f3f8 !important;}&#8221; z_index=&#8221;&#8221;][vc_column][vc_row_inner row_type=&#8221;row&#8221; type=&#8221;full_width&#8221; text_align=&#8221;left&#8221; css_animation=&#8221;&#8221;][vc_column_inner][qode_elements_holder number_of_columns=&#8221;two_columns&#8221;][qode_elements_holder_item cover=&#8221;yes&#8221; advanced_animations=&#8221;no&#8221; background_image=&#8221;2611&#8243;][\/qode_elements_holder_item][qode_elements_holder_item vertical_alignment=&#8221;middle&#8221; horizontal_alignment=&#8221;center&#8221; advanced_animations=&#8221;no&#8221;][vc_empty_space height=&#8221;40px&#8221;]<div class=\"custom_font_holder\" style=\" font-size: 15px; line-height: 26px; font-style: normal; font-weight: 300; text-decoration: none; margin: 0% 0% 0% 6%; text-align: left;\">\n<h2><span style=\"color: #002e46;\">CENTRO LOYOLA<\/span><br \/>\n<span style=\"color: #002e46;\">EL SALVADOR<\/span><\/h2>\n<\/div>[vc_empty_space height=&#8221;25px&#8221;]<div class=\"qode-accordion-holder clearfix qode-accordion qode-initial \">\n\t<h6 class=\"clearfix qode-title-holder\">\n<span class=\"qode-tab-title\">\n\t    <span class=\"qode-tab-title-inner\">\n        \u00bfC\u00f3mo comenz\u00f3 Centro Loyola?    <\/span>\n<\/span>\n<span class=\"qode-accordion-mark\">\n    <span class=\"qode-accordion-mark-icon\">\n        <span class=\"icon_plus\"><\/span>\n        <span class=\"icon_minus-06\"><\/span>\n    <\/span>\n<\/span>\n<\/h6>\n<div  class=\"qode-accordion-content \" style=\"padding: 0% 4% 0% 4%\">\n    <div class=\"qode-accordion-content-inner\">\n        <div class=\"custom_font_holder\" style=\" font-size: 16px; line-height: 26px; font-style: normal; font-weight: 400; text-decoration: none; margin: 0% 4% 0% 4%; text-align: left;\">El Centro Loyola comenz\u00f3 a construirse en el a\u00f1o de 1970 por el Padre Ferm\u00edn Sainz, S.J. En ese tiempo tambi\u00e9n era P\u00e1rroco de la Comunidad Las Palmas donde tuvo mucha cercan\u00eda con la gente y descubri\u00f3 la necesidad de una casa de Ejercicios Espirituales que ayudara a rescatar matrimonios, a j\u00f3venes, a servir a otras comunidades de escasos recursos, a ayudar en la formaci\u00f3n del clero y a desarrollar actividades de pastoral y crecimiento personal. En ese tiempo eran pocas las casas de Ejercicios Espirituales y no estaban al alcance de todos.<\/p>\n<p>&nbsp;<\/p>\n<p>Con muchas dificultades, pero con todo su coraz\u00f3n y la firme decisi\u00f3n de construir una casa para Ejercicios Espirituales, el Padre Ferm\u00edn no se detuvo y concretiz\u00f3 con ayuda principalmente de una amiga de la Compa\u00f1\u00eda de Jes\u00fas, Do\u00f1a Tula de Mel\u00e9ndez y su hijo Don Ricardo Mel\u00e9ndez la construcci\u00f3n de esta obra. La casa comenz\u00f3 a funcionar en el a\u00f1o 1986.<\/div>    <\/div>\n<\/div><h6 class=\"clearfix qode-title-holder\">\n<span class=\"qode-tab-title\">\n\t    <span class=\"qode-tab-title-inner\">\n        La misi\u00f3n de Centro Loyola    <\/span>\n<\/span>\n<span class=\"qode-accordion-mark\">\n    <span class=\"qode-accordion-mark-icon\">\n        <span class=\"icon_plus\"><\/span>\n        <span class=\"icon_minus-06\"><\/span>\n    <\/span>\n<\/span>\n<\/h6>\n<div  class=\"qode-accordion-content \" style=\"padding: 0% 4% 0% 4%\">\n    <div class=\"qode-accordion-content-inner\">\n        <div class=\"custom_font_holder\" style=\" font-size: 16px; line-height: 26px; font-style: normal; font-weight: 400; text-decoration: none; margin: 0% 4% 0% 4%; text-align: left;\">La Misi\u00f3n del Centro para aquellos a\u00f1os fue \u201cser un Centro \u00a0de irradiaci\u00f3n de la Espiritualidad Ignaciana, por los medios m\u00e1s eficaces, entre los que ocupan un lugar prominente los Ejercicios Espirituales de San Ignacio; como Centro de Atenci\u00f3n y Promoci\u00f3n del hombre y de la Espiritualidad Social Salvadore\u00f1a\u2026 las funciones de este Centro ser\u00e1n fundamentalmente de dos tipos: vivencial y de reflexi\u00f3n y no podr\u00e1n faltar dentro del conjunto de la obra como actividades prominentes de ella.\u201d<\/p>\n<p><em>(P. Ferm\u00edn Sa\u00ednz, febrero 1976).<\/em><\/p>\n<p>&nbsp;<\/p>\n<p>El P. Ferm\u00edn siempre pidi\u00f3 que sus sucesores respetaran que Centro Loyola &#8220;sea una casa para Ejercicios Espirituales Ignacianos&#8221; y as\u00ed fue aprobado por el Padre General, Pedro Arrupe, S.J. en el a\u00f1o 1978.<\/div>    <\/div>\n<\/div><h6 class=\"clearfix qode-title-holder\">\n<span class=\"qode-tab-title\">\n\t    <span class=\"qode-tab-title-inner\">\n        Compa\u00f1\u00eda de Jes\u00fas    <\/span>\n<\/span>\n<span class=\"qode-accordion-mark\">\n    <span class=\"qode-accordion-mark-icon\">\n        <span class=\"icon_plus\"><\/span>\n        <span class=\"icon_minus-06\"><\/span>\n    <\/span>\n<\/span>\n<\/h6>\n<div  class=\"qode-accordion-content \" style=\"padding: 0% 4% 0% 4%\">\n    <div class=\"qode-accordion-content-inner\">\n        <div class=\"custom_font_holder\" style=\" font-size: 16px; line-height: 26px; font-style: normal; font-weight: 400; text-decoration: none; margin: 0% 4% 0% 4%; text-align: left;\">El Centro Loyola es una instituci\u00f3n a cargo de la Compa\u00f1\u00eda de Jes\u00fas (Jesuitas), de utilidad p\u00fablica, de nacionalidad salvadore\u00f1a, de car\u00e1cter religioso no lucrativo y apol\u00edtico, cuya finalidad es la de mantener toda clase de obras de promoci\u00f3n religiosa, cultural y social que tiendan a fomentar el bienestar moral e intelectual de los habitantes de la Rep\u00fablica de El Salvador. (Diario Oficial \u201cEstatutos de la Corporaci\u00f3n Loyola, Cap\u00edtulo I, Art\u00edculo 1).<\/div>    <\/div>\n<\/div><h6 class=\"clearfix qode-title-holder\">\n<span class=\"qode-tab-title\">\n\t    <span class=\"qode-tab-title-inner\">\n        Actualidad    <\/span>\n<\/span>\n<span class=\"qode-accordion-mark\">\n    <span class=\"qode-accordion-mark-icon\">\n        <span class=\"icon_plus\"><\/span>\n        <span class=\"icon_minus-06\"><\/span>\n    <\/span>\n<\/span>\n<\/h6>\n<div  class=\"qode-accordion-content \" style=\"padding: 0% 4% 0% 4%\">\n    <div class=\"qode-accordion-content-inner\">\n        <div class=\"custom_font_holder\" style=\" font-size: 16px; line-height: 26px; font-style: normal; font-weight: 400; text-decoration: none; margin: 0% 4% 0% 4%; text-align: left;\">Desde el a\u00f1o 2012 el Centro Loyola es dirigido por el Padre Carlos Manuel \u00c1lvarez Morales, S.J. qui\u00e9n junto a un equipo de colaboradores ha continuado el trabajo iniciado por el Padre Ferm\u00edn respecto a la Espiritualidad Ignaciana, adem\u00e1s ha potenciado el trabajo de crecimiento personal por medio de la l\u00ednea psico-espiritual y ha abierto las instalaciones del Centro a Organizaciones, Comunidades Eclesiales, y otras instituciones que realizan su labor en funci\u00f3n de una sociedad m\u00e1s justa.<\/div>[vc_empty_space]    <\/div>\n<\/div><\/div>[\/qode_elements_holder_item][\/qode_elements_holder][\/vc_column_inner][\/vc_row_inner][\/vc_column][\/vc_row][vc_row row_type=&#8221;parallax&#8221; parallax_content_width=&#8221;in_grid&#8221; text_align=&#8221;center&#8221; full_screen_section_height=&#8221;no&#8221; css=&#8221;.vc_custom_1580623816977{background-color: #ffffff !important;}&#8221;][vc_column][vc_row_inner row_type=&#8221;row&#8221; type=&#8221;full_width&#8221; text_align=&#8221;left&#8221; css_animation=&#8221;&#8221; css=&#8221;.vc_custom_1580623900913{padding-top: 5% !important;padding-bottom: 5% !important;}&#8221;][vc_column_inner]<div class=\"custom_font_holder\" style=\" font-size: 15px; line-height: 26px; font-style: normal; font-weight: 300; text-decoration: none; text-align: center;\">\n<h2><span style=\"color: #002e46;\">LA HISTORIA EN IM\u00c1GENES<\/span><\/h2>\n<\/div>[\/vc_column_inner][\/vc_row_inner][vc_row_inner row_type=&#8221;row&#8221; type=&#8221;full_width&#8221; text_align=&#8221;left&#8221; css_animation=&#8221;&#8221;][vc_column_inner offset=&#8221;vc_hidden-sm vc_hidden-xs&#8221; css=&#8221;.vc_custom_1583284919197{padding-bottom: 10% !important;}&#8221;]<div class=\"qode-advanced-image-gallery  qode-aig-masonry-type qode-small-space  qode-image-behavior-zoom \">\n\t<div class=\"qode-aig-inner qode-outer-space qode-aig-masonry qode-aig-four-columns\">\n\t\t<div class=\"qode-aig-grid-sizer\"><\/div>\n\t\t<div class=\"qode-aig-grid-gutter\"><\/div>\n\t\t\t\t\t\t\t\t<div class=\"qode-aig-image qode-item-space qode-aig-large-masonry-item\">\n\t\t\t\t<div class=\"qode-aig-image-inner\">\n\t\t\t\t\t\t\t\t\t\t\t<img fetchpriority=\"high\" decoding=\"async\" width=\"800\" height=\"800\" src=\"https:\/\/centroloyolaelsalvador.org\/organizaciones\/wp-content\/uploads\/sites\/4\/2020\/02\/centroloyola-1.jpg\" class=\"attachment-full size-full\" alt=\"\" srcset=\"https:\/\/centroloyolaelsalvador.org\/organizaciones\/wp-content\/uploads\/sites\/4\/2020\/02\/centroloyola-1.jpg 800w, https:\/\/centroloyolaelsalvador.org\/organizaciones\/wp-content\/uploads\/sites\/4\/2020\/02\/centroloyola-1-300x300.jpg 300w, https:\/\/centroloyolaelsalvador.org\/organizaciones\/wp-content\/uploads\/sites\/4\/2020\/02\/centroloyola-1-150x150.jpg 150w, https:\/\/centroloyolaelsalvador.org\/organizaciones\/wp-content\/uploads\/sites\/4\/2020\/02\/centroloyola-1-768x768.jpg 768w, https:\/\/centroloyolaelsalvador.org\/organizaciones\/wp-content\/uploads\/sites\/4\/2020\/02\/centroloyola-1-570x570.jpg 570w, https:\/\/centroloyolaelsalvador.org\/organizaciones\/wp-content\/uploads\/sites\/4\/2020\/02\/centroloyola-1-500x500.jpg 500w, https:\/\/centroloyolaelsalvador.org\/organizaciones\/wp-content\/uploads\/sites\/4\/2020\/02\/centroloyola-1-700x700.jpg 700w\" sizes=\"(max-width: 800px) 100vw, 800px\" \/>\t\t\t\t\t\t<span class=\"aig-gallery-hover\">\n\t\t\t\t\t\t\t\t\t\t\t\t\t<\/span>\n\t\t\t\t\t\t\t\t\t<\/div>\n\t\t\t<\/div>\n\t\t\t\t\t\t\t\t<div class=\"qode-aig-image qode-item-space qode-aig-default-masonry-item\">\n\t\t\t\t<div class=\"qode-aig-image-inner\">\n\t\t\t\t\t\t\t\t\t\t\t<img decoding=\"async\" width=\"800\" height=\"800\" src=\"https:\/\/centroloyolaelsalvador.org\/organizaciones\/wp-content\/uploads\/sites\/4\/2020\/02\/centroloyolaelsalvador.jpg\" class=\"attachment-full size-full\" alt=\"\" srcset=\"https:\/\/centroloyolaelsalvador.org\/organizaciones\/wp-content\/uploads\/sites\/4\/2020\/02\/centroloyolaelsalvador.jpg 800w, https:\/\/centroloyolaelsalvador.org\/organizaciones\/wp-content\/uploads\/sites\/4\/2020\/02\/centroloyolaelsalvador-300x300.jpg 300w, https:\/\/centroloyolaelsalvador.org\/organizaciones\/wp-content\/uploads\/sites\/4\/2020\/02\/centroloyolaelsalvador-150x150.jpg 150w, https:\/\/centroloyolaelsalvador.org\/organizaciones\/wp-content\/uploads\/sites\/4\/2020\/02\/centroloyolaelsalvador-768x768.jpg 768w, https:\/\/centroloyolaelsalvador.org\/organizaciones\/wp-content\/uploads\/sites\/4\/2020\/02\/centroloyolaelsalvador-570x570.jpg 570w, https:\/\/centroloyolaelsalvador.org\/organizaciones\/wp-content\/uploads\/sites\/4\/2020\/02\/centroloyolaelsalvador-500x500.jpg 500w, https:\/\/centroloyolaelsalvador.org\/organizaciones\/wp-content\/uploads\/sites\/4\/2020\/02\/centroloyolaelsalvador-700x700.jpg 700w\" sizes=\"(max-width: 800px) 100vw, 800px\" \/>\t\t\t\t\t\t<span class=\"aig-gallery-hover\">\n\t\t\t\t\t\t\t\t\t\t\t\t\t<\/span>\n\t\t\t\t\t\t\t\t\t<\/div>\n\t\t\t<\/div>\n\t\t\t\t\t\t\t\t<div class=\"qode-aig-image qode-item-space qode-aig-default-masonry-item\">\n\t\t\t\t<div class=\"qode-aig-image-inner\">\n\t\t\t\t\t\t\t\t\t\t\t<img decoding=\"async\" width=\"800\" height=\"800\" src=\"https:\/\/centroloyolaelsalvador.org\/organizaciones\/wp-content\/uploads\/sites\/4\/2020\/02\/construccioncentroloyola.jpg\" class=\"attachment-full size-full\" alt=\"\" srcset=\"https:\/\/centroloyolaelsalvador.org\/organizaciones\/wp-content\/uploads\/sites\/4\/2020\/02\/construccioncentroloyola.jpg 800w, https:\/\/centroloyolaelsalvador.org\/organizaciones\/wp-content\/uploads\/sites\/4\/2020\/02\/construccioncentroloyola-300x300.jpg 300w, https:\/\/centroloyolaelsalvador.org\/organizaciones\/wp-content\/uploads\/sites\/4\/2020\/02\/construccioncentroloyola-150x150.jpg 150w, https:\/\/centroloyolaelsalvador.org\/organizaciones\/wp-content\/uploads\/sites\/4\/2020\/02\/construccioncentroloyola-768x768.jpg 768w, https:\/\/centroloyolaelsalvador.org\/organizaciones\/wp-content\/uploads\/sites\/4\/2020\/02\/construccioncentroloyola-570x570.jpg 570w, https:\/\/centroloyolaelsalvador.org\/organizaciones\/wp-content\/uploads\/sites\/4\/2020\/02\/construccioncentroloyola-500x500.jpg 500w, https:\/\/centroloyolaelsalvador.org\/organizaciones\/wp-content\/uploads\/sites\/4\/2020\/02\/construccioncentroloyola-700x700.jpg 700w\" sizes=\"(max-width: 800px) 100vw, 800px\" \/>\t\t\t\t\t\t<span class=\"aig-gallery-hover\">\n\t\t\t\t\t\t\t\t\t\t\t\t\t<\/span>\n\t\t\t\t\t\t\t\t\t<\/div>\n\t\t\t<\/div>\n\t\t\t\t\t\t\t\t<div class=\"qode-aig-image qode-item-space qode-aig-default-masonry-item\">\n\t\t\t\t<div class=\"qode-aig-image-inner\">\n\t\t\t\t\t\t\t\t\t\t\t<img loading=\"lazy\" decoding=\"async\" width=\"800\" height=\"800\" src=\"https:\/\/centroloyolaelsalvador.org\/organizaciones\/wp-content\/uploads\/sites\/4\/2020\/02\/espiritualcentroloyola.jpg\" class=\"attachment-full size-full\" alt=\"\" srcset=\"https:\/\/centroloyolaelsalvador.org\/organizaciones\/wp-content\/uploads\/sites\/4\/2020\/02\/espiritualcentroloyola.jpg 800w, https:\/\/centroloyolaelsalvador.org\/organizaciones\/wp-content\/uploads\/sites\/4\/2020\/02\/espiritualcentroloyola-300x300.jpg 300w, https:\/\/centroloyolaelsalvador.org\/organizaciones\/wp-content\/uploads\/sites\/4\/2020\/02\/espiritualcentroloyola-150x150.jpg 150w, https:\/\/centroloyolaelsalvador.org\/organizaciones\/wp-content\/uploads\/sites\/4\/2020\/02\/espiritualcentroloyola-768x768.jpg 768w, https:\/\/centroloyolaelsalvador.org\/organizaciones\/wp-content\/uploads\/sites\/4\/2020\/02\/espiritualcentroloyola-570x570.jpg 570w, https:\/\/centroloyolaelsalvador.org\/organizaciones\/wp-content\/uploads\/sites\/4\/2020\/02\/espiritualcentroloyola-500x500.jpg 500w, https:\/\/centroloyolaelsalvador.org\/organizaciones\/wp-content\/uploads\/sites\/4\/2020\/02\/espiritualcentroloyola-700x700.jpg 700w\" sizes=\"(max-width: 800px) 100vw, 800px\" \/>\t\t\t\t\t\t<span class=\"aig-gallery-hover\">\n\t\t\t\t\t\t\t\t\t\t\t\t\t<\/span>\n\t\t\t\t\t\t\t\t\t<\/div>\n\t\t\t<\/div>\n\t\t\t\t\t\t\t\t<div class=\"qode-aig-image qode-item-space qode-aig-default-masonry-item\">\n\t\t\t\t<div class=\"qode-aig-image-inner\">\n\t\t\t\t\t\t\t\t\t\t\t<img loading=\"lazy\" decoding=\"async\" width=\"800\" height=\"800\" src=\"https:\/\/centroloyolaelsalvador.org\/organizaciones\/wp-content\/uploads\/sites\/4\/2020\/02\/historiacentroloyola.jpg\" class=\"attachment-full size-full\" alt=\"\" srcset=\"https:\/\/centroloyolaelsalvador.org\/organizaciones\/wp-content\/uploads\/sites\/4\/2020\/02\/historiacentroloyola.jpg 800w, https:\/\/centroloyolaelsalvador.org\/organizaciones\/wp-content\/uploads\/sites\/4\/2020\/02\/historiacentroloyola-300x300.jpg 300w, https:\/\/centroloyolaelsalvador.org\/organizaciones\/wp-content\/uploads\/sites\/4\/2020\/02\/historiacentroloyola-150x150.jpg 150w, https:\/\/centroloyolaelsalvador.org\/organizaciones\/wp-content\/uploads\/sites\/4\/2020\/02\/historiacentroloyola-768x768.jpg 768w, https:\/\/centroloyolaelsalvador.org\/organizaciones\/wp-content\/uploads\/sites\/4\/2020\/02\/historiacentroloyola-570x570.jpg 570w, https:\/\/centroloyolaelsalvador.org\/organizaciones\/wp-content\/uploads\/sites\/4\/2020\/02\/historiacentroloyola-500x500.jpg 500w, https:\/\/centroloyolaelsalvador.org\/organizaciones\/wp-content\/uploads\/sites\/4\/2020\/02\/historiacentroloyola-700x700.jpg 700w\" sizes=\"(max-width: 800px) 100vw, 800px\" \/>\t\t\t\t\t\t<span class=\"aig-gallery-hover\">\n\t\t\t\t\t\t\t\t\t\t\t\t\t<\/span>\n\t\t\t\t\t\t\t\t\t<\/div>\n\t\t\t<\/div>\n\t\t\t\t\t\t\t\t<div class=\"qode-aig-image qode-item-space qode-aig-default-masonry-item\">\n\t\t\t\t<div class=\"qode-aig-image-inner\">\n\t\t\t\t\t\t\t\t\t\t\t<img loading=\"lazy\" decoding=\"async\" width=\"800\" height=\"800\" src=\"https:\/\/centroloyolaelsalvador.org\/organizaciones\/wp-content\/uploads\/sites\/4\/2020\/02\/comedorcentroloyola.jpg\" class=\"attachment-full size-full\" alt=\"\" srcset=\"https:\/\/centroloyolaelsalvador.org\/organizaciones\/wp-content\/uploads\/sites\/4\/2020\/02\/comedorcentroloyola.jpg 800w, https:\/\/centroloyolaelsalvador.org\/organizaciones\/wp-content\/uploads\/sites\/4\/2020\/02\/comedorcentroloyola-300x300.jpg 300w, https:\/\/centroloyolaelsalvador.org\/organizaciones\/wp-content\/uploads\/sites\/4\/2020\/02\/comedorcentroloyola-150x150.jpg 150w, https:\/\/centroloyolaelsalvador.org\/organizaciones\/wp-content\/uploads\/sites\/4\/2020\/02\/comedorcentroloyola-768x768.jpg 768w, https:\/\/centroloyolaelsalvador.org\/organizaciones\/wp-content\/uploads\/sites\/4\/2020\/02\/comedorcentroloyola-570x570.jpg 570w, https:\/\/centroloyolaelsalvador.org\/organizaciones\/wp-content\/uploads\/sites\/4\/2020\/02\/comedorcentroloyola-500x500.jpg 500w, https:\/\/centroloyolaelsalvador.org\/organizaciones\/wp-content\/uploads\/sites\/4\/2020\/02\/comedorcentroloyola-700x700.jpg 700w\" sizes=\"(max-width: 800px) 100vw, 800px\" \/>\t\t\t\t\t\t<span class=\"aig-gallery-hover\">\n\t\t\t\t\t\t\t\t\t\t\t\t\t<\/span>\n\t\t\t\t\t\t\t\t\t<\/div>\n\t\t\t<\/div>\n\t\t\t\t\t\t\t\t<div class=\"qode-aig-image qode-item-space qode-aig-default-masonry-item\">\n\t\t\t\t<div class=\"qode-aig-image-inner\">\n\t\t\t\t\t\t\t\t\t\t\t<img loading=\"lazy\" decoding=\"async\" width=\"800\" height=\"800\" src=\"https:\/\/centroloyolaelsalvador.org\/organizaciones\/wp-content\/uploads\/sites\/4\/2020\/02\/padrecentroloyola.jpg\" class=\"attachment-full size-full\" alt=\"\" srcset=\"https:\/\/centroloyolaelsalvador.org\/organizaciones\/wp-content\/uploads\/sites\/4\/2020\/02\/padrecentroloyola.jpg 800w, https:\/\/centroloyolaelsalvador.org\/organizaciones\/wp-content\/uploads\/sites\/4\/2020\/02\/padrecentroloyola-300x300.jpg 300w, https:\/\/centroloyolaelsalvador.org\/organizaciones\/wp-content\/uploads\/sites\/4\/2020\/02\/padrecentroloyola-150x150.jpg 150w, https:\/\/centroloyolaelsalvador.org\/organizaciones\/wp-content\/uploads\/sites\/4\/2020\/02\/padrecentroloyola-768x768.jpg 768w, https:\/\/centroloyolaelsalvador.org\/organizaciones\/wp-content\/uploads\/sites\/4\/2020\/02\/padrecentroloyola-570x570.jpg 570w, https:\/\/centroloyolaelsalvador.org\/organizaciones\/wp-content\/uploads\/sites\/4\/2020\/02\/padrecentroloyola-500x500.jpg 500w, https:\/\/centroloyolaelsalvador.org\/organizaciones\/wp-content\/uploads\/sites\/4\/2020\/02\/padrecentroloyola-700x700.jpg 700w\" sizes=\"(max-width: 800px) 100vw, 800px\" \/>\t\t\t\t\t\t<span class=\"aig-gallery-hover\">\n\t\t\t\t\t\t\t\t\t\t\t\t\t<\/span>\n\t\t\t\t\t\t\t\t\t<\/div>\n\t\t\t<\/div>\n\t\t\t\t\t\t\t\t<div class=\"qode-aig-image qode-item-space qode-aig-large-width-masonry-item\">\n\t\t\t\t<div class=\"qode-aig-image-inner\">\n\t\t\t\t\t\t\t\t\t\t\t<img loading=\"lazy\" decoding=\"async\" width=\"800\" height=\"388\" src=\"https:\/\/centroloyolaelsalvador.org\/organizaciones\/wp-content\/uploads\/sites\/4\/2020\/02\/capillacentroloyola.jpg\" class=\"attachment-full size-full\" alt=\"\" srcset=\"https:\/\/centroloyolaelsalvador.org\/organizaciones\/wp-content\/uploads\/sites\/4\/2020\/02\/capillacentroloyola.jpg 800w, https:\/\/centroloyolaelsalvador.org\/organizaciones\/wp-content\/uploads\/sites\/4\/2020\/02\/capillacentroloyola-300x146.jpg 300w, https:\/\/centroloyolaelsalvador.org\/organizaciones\/wp-content\/uploads\/sites\/4\/2020\/02\/capillacentroloyola-768x372.jpg 768w, https:\/\/centroloyolaelsalvador.org\/organizaciones\/wp-content\/uploads\/sites\/4\/2020\/02\/capillacentroloyola-700x340.jpg 700w\" sizes=\"(max-width: 800px) 100vw, 800px\" \/>\t\t\t\t\t\t<span class=\"aig-gallery-hover\">\n\t\t\t\t\t\t\t\t\t\t\t\t\t<\/span>\n\t\t\t\t\t\t\t\t\t<\/div>\n\t\t\t<\/div>\n\t\t\t<\/div>\n<\/div>[\/vc_column_inner][\/vc_row_inner][vc_row_inner row_type=&#8221;row&#8221; type=&#8221;full_width&#8221; text_align=&#8221;left&#8221; css_animation=&#8221;&#8221;][vc_column_inner offset=&#8221;vc_hidden-lg vc_hidden-md&#8221;]<div class=\"qode-cards-holder\">\n    <div class=\"qode-cards-header cards\">\n\n    <\/div>\n    <div class=\"qode-card-panes\">\n        \n<div class=\"pane card812  navigation-bullets-disabled no-shadow\">\n        <div class=\"qode-card-slider-holder-outer\" style=\"\">\n        <div class=\"qode-card-slider-holder\" data-card-slide=\"1\"  data-center=\"yes\" data-active-middle-slide=\"true\">\n            <div class=\"controls arrows\">\n                <a data-direction=\"prev\" href=\"#\" class=\"button prev qode-type1-gradient-bottom-to-top-text\"><span class=\"arrow_carrot-left\"><\/span><\/a>\n                <a data-direction=\"next\" href=\"#\" class=\"button next qode-type1-gradient-bottom-to-top-text\"><span class=\"arrow_carrot-right\"><\/span><\/a>\n            <\/div>\n\n                        <div class=\"qode-card-slider clearfix\">\n                                    <div class='slide' data-card-slide=\"1\">\n                                                    <img decoding=\"async\" src=\"#\" alt=\"\" class=\"qode-lazy-image\" data-image=\"https:\/\/centroloyolaelsalvador.org\/organizaciones\/wp-content\/uploads\/sites\/4\/2020\/02\/bannerhistoria.jpg\" style=\"width:1470px;height:1px\"data-ratio=\"0.36530612244898\" data-lazy=\"true\" \/>\n                                            <\/div>\n                                    <div class='slide' data-card-slide=\"2\">\n                                                    <img decoding=\"async\" src=\"#\" alt=\"\" class=\"qode-lazy-image\" data-image=\"https:\/\/centroloyolaelsalvador.org\/organizaciones\/wp-content\/uploads\/sites\/4\/2020\/02\/centroloyola.jpg\" style=\"width:712px;height:1px\"data-ratio=\"1.1179775280899\" data-lazy=\"true\" \/>\n                                            <\/div>\n                                    <div class='slide' data-card-slide=\"3\">\n                                                    <img decoding=\"async\" src=\"#\" alt=\"\" class=\"qode-lazy-image\" data-image=\"https:\/\/centroloyolaelsalvador.org\/organizaciones\/wp-content\/uploads\/sites\/4\/2020\/02\/capillacentroloyola.jpg\" style=\"width:800px;height:1px\"data-ratio=\"0.485\" data-lazy=\"true\" \/>\n                                            <\/div>\n                                    <div class='slide' data-card-slide=\"4\">\n                                                    <img decoding=\"async\" src=\"#\" alt=\"\" class=\"qode-lazy-image\" data-image=\"https:\/\/centroloyolaelsalvador.org\/organizaciones\/wp-content\/uploads\/sites\/4\/2020\/02\/centroloyola-1.jpg\" style=\"width:800px;height:1px\"data-ratio=\"1\" data-lazy=\"true\" \/>\n                                            <\/div>\n                                    <div class='slide' data-card-slide=\"5\">\n                                                    <img decoding=\"async\" src=\"#\" alt=\"\" class=\"qode-lazy-image\" data-image=\"https:\/\/centroloyolaelsalvador.org\/organizaciones\/wp-content\/uploads\/sites\/4\/2020\/02\/centroloyolaelsalvador.jpg\" style=\"width:800px;height:1px\"data-ratio=\"1\" data-lazy=\"true\" \/>\n                                            <\/div>\n                                    <div class='slide' data-card-slide=\"6\">\n                                                    <img decoding=\"async\" src=\"#\" alt=\"\" class=\"qode-lazy-image\" data-image=\"https:\/\/centroloyolaelsalvador.org\/organizaciones\/wp-content\/uploads\/sites\/4\/2020\/02\/comedorcentroloyola.jpg\" style=\"width:800px;height:1px\"data-ratio=\"1\" data-lazy=\"true\" \/>\n                                            <\/div>\n                                    <div class='slide' data-card-slide=\"7\">\n                                                    <img decoding=\"async\" src=\"#\" alt=\"\" class=\"qode-lazy-image\" data-image=\"https:\/\/centroloyolaelsalvador.org\/organizaciones\/wp-content\/uploads\/sites\/4\/2020\/02\/construccioncentroloyola.jpg\" style=\"width:800px;height:1px\"data-ratio=\"1\" data-lazy=\"true\" \/>\n                                            <\/div>\n                                    <div class='slide' data-card-slide=\"8\">\n                                                    <img decoding=\"async\" src=\"#\" alt=\"\" class=\"qode-lazy-image\" data-image=\"https:\/\/centroloyolaelsalvador.org\/organizaciones\/wp-content\/uploads\/sites\/4\/2020\/02\/espiritualcentroloyola.jpg\" style=\"width:800px;height:1px\"data-ratio=\"1\" data-lazy=\"true\" \/>\n                                            <\/div>\n                                    <div class='slide' data-card-slide=\"9\">\n                                                    <img decoding=\"async\" src=\"#\" alt=\"\" class=\"qode-lazy-image\" data-image=\"https:\/\/centroloyolaelsalvador.org\/organizaciones\/wp-content\/uploads\/sites\/4\/2020\/02\/historiacentroloyola.jpg\" style=\"width:800px;height:1px\"data-ratio=\"1\" data-lazy=\"true\" \/>\n                                            <\/div>\n                            <\/div>\n        <\/div>\n    <\/div>\n<\/div>\n    <\/div>\n<\/div>[\/vc_column_inner][\/vc_row_inner][\/vc_column][\/vc_row]<\/p>\n<\/div>","protected":false},"excerpt":{"rendered":"<p>[vc_row css_animation=&#8221;&#8221; row_type=&#8221;row&#8221; use_row_as_full_screen_section=&#8221;no&#8221; type=&#8221;full_width&#8221; angled_section=&#8221;no&#8221; text_align=&#8221;left&#8221; background_image_as_pattern=&#8221;without_pattern&#8221; css=&#8221;.vc_custom_1580841082172{background-color: #f3f3f8 !important;}&#8221; z_index=&#8221;&#8221;][vc_column][vc_row_inner row_type=&#8221;row&#8221; type=&#8221;full_width&#8221; text_align=&#8221;left&#8221; css_animation=&#8221;&#8221;][vc_column_inner][qode_elements_holder number_of_columns=&#8221;two_columns&#8221;][qode_elements_holder_item cover=&#8221;yes&#8221; advanced_animations=&#8221;no&#8221; background_image=&#8221;2611&#8243;][\/qode_elements_holder_item][qode_elements_holder_item vertical_alignment=&#8221;middle&#8221; horizontal_alignment=&#8221;center&#8221; advanced_animations=&#8221;no&#8221;][vc_empty_space height=&#8221;40px&#8221;][vc_empty_space height=&#8221;25px&#8221;][\/qode_elements_holder_item][\/qode_elements_holder][\/vc_column_inner][\/vc_row_inner][\/vc_column][\/vc_row][vc_row row_type=&#8221;parallax&#8221; parallax_content_width=&#8221;in_grid&#8221; text_align=&#8221;center&#8221; full_screen_section_height=&#8221;no&#8221; css=&#8221;.vc_custom_1580623816977{background-color: #ffffff !important;}&#8221;][vc_column][vc_row_inner row_type=&#8221;row&#8221; type=&#8221;full_width&#8221; text_align=&#8221;left&#8221; css_animation=&#8221;&#8221; css=&#8221;.vc_custom_1580623900913{padding-top: 5% !important;padding-bottom: 5% !important;}&#8221;][vc_column_inner][\/vc_column_inner][\/vc_row_inner][vc_row_inner row_type=&#8221;row&#8221; type=&#8221;full_width&#8221; text_align=&#8221;left&#8221; css_animation=&#8221;&#8221;][vc_column_inner&#8230;<\/p>\n","protected":false},"author":2,"featured_media":0,"parent":0,"menu_order":0,"comment_status":"closed","ping_status":"closed","template":"full_width.php","meta":{"footnotes":""},"class_list":["post-586","page","type-page","status-publish","hentry"],"yoast_head":"<!-- This site is optimized with the Yoast SEO plugin v15.8 - https:\/\/yoast.com\/wordpress\/plugins\/seo\/ -->\n<title>Historia - Centro Loyola Organizaciones<\/title>\n<meta name=\"robots\" content=\"index, follow, max-snippet:-1, max-image-preview:large, max-video-preview:-1\" \/>\n<link rel=\"canonical\" href=\"https:\/\/centroloyolaelsalvador.org\/organizaciones\/historia\/\" \/>\n<meta property=\"og:locale\" content=\"es_MX\" \/>\n<meta property=\"og:type\" content=\"article\" \/>\n<meta property=\"og:title\" content=\"Historia - Centro Loyola Organizaciones\" \/>\n<meta property=\"og:description\" content=\"[vc_row css_animation=&#8221;&#8221; row_type=&#8221;row&#8221; use_row_as_full_screen_section=&#8221;no&#8221; type=&#8221;full_width&#8221; angled_section=&#8221;no&#8221; text_align=&#8221;left&#8221; background_image_as_pattern=&#8221;without_pattern&#8221; css=&#8221;.vc_custom_1580841082172{background-color: #f3f3f8 !important;}&#8221; z_index=&#8221;&#8221;][vc_column][vc_row_inner row_type=&#8221;row&#8221; type=&#8221;full_width&#8221; text_align=&#8221;left&#8221; css_animation=&#8221;&#8221;][vc_column_inner][qode_elements_holder number_of_columns=&#8221;two_columns&#8221;][qode_elements_holder_item cover=&#8221;yes&#8221; advanced_animations=&#8221;no&#8221; background_image=&#8221;2611&#8243;][\/qode_elements_holder_item][qode_elements_holder_item vertical_alignment=&#8221;middle&#8221; horizontal_alignment=&#8221;center&#8221; advanced_animations=&#8221;no&#8221;][vc_empty_space height=&#8221;40px&#8221;][vc_empty_space height=&#8221;25px&#8221;][\/qode_elements_holder_item][\/qode_elements_holder][\/vc_column_inner][\/vc_row_inner][\/vc_column][\/vc_row][vc_row row_type=&#8221;parallax&#8221; parallax_content_width=&#8221;in_grid&#8221; text_align=&#8221;center&#8221; full_screen_section_height=&#8221;no&#8221; css=&#8221;.vc_custom_1580623816977{background-color: #ffffff !important;}&#8221;][vc_column][vc_row_inner row_type=&#8221;row&#8221; type=&#8221;full_width&#8221; text_align=&#8221;left&#8221; css_animation=&#8221;&#8221; css=&#8221;.vc_custom_1580623900913{padding-top: 5% !important;padding-bottom: 5% !important;}&#8221;][vc_column_inner][\/vc_column_inner][\/vc_row_inner][vc_row_inner row_type=&#8221;row&#8221; type=&#8221;full_width&#8221; text_align=&#8221;left&#8221; css_animation=&#8221;&#8221;][vc_column_inner...\" \/>\n<meta property=\"og:url\" content=\"https:\/\/centroloyolaelsalvador.org\/organizaciones\/historia\/\" \/>\n<meta property=\"og:site_name\" content=\"Centro Loyola Organizaciones\" \/>\n<meta property=\"article:modified_time\" content=\"2020-03-04T01:23:00+00:00\" \/>\n<meta name=\"twitter:card\" content=\"summary_large_image\" \/>\n<meta name=\"twitter:label1\" content=\"Tiempo de lectura\">\n\t<meta name=\"twitter:data1\" content=\"5 minutos\">\n<script type=\"application\/ld+json\" class=\"yoast-schema-graph\">{\"@context\":\"https:\/\/schema.org\",\"@graph\":[{\"@type\":\"WebSite\",\"@id\":\"https:\/\/centroloyolaelsalvador.org\/organizaciones\/#website\",\"url\":\"https:\/\/centroloyolaelsalvador.org\/organizaciones\/\",\"name\":\"Centro Loyola Organizaciones\",\"description\":\"Otro sitio m\\u00e1s de centroloyolaelsalvador.org Sitios\",\"potentialAction\":[{\"@type\":\"SearchAction\",\"target\":\"https:\/\/centroloyolaelsalvador.org\/organizaciones\/?s={search_term_string}\",\"query-input\":\"required name=search_term_string\"}],\"inLanguage\":\"es\"},{\"@type\":\"WebPage\",\"@id\":\"https:\/\/centroloyolaelsalvador.org\/organizaciones\/historia\/#webpage\",\"url\":\"https:\/\/centroloyolaelsalvador.org\/organizaciones\/historia\/\",\"name\":\"Historia - Centro Loyola Organizaciones\",\"isPartOf\":{\"@id\":\"https:\/\/centroloyolaelsalvador.org\/organizaciones\/#website\"},\"datePublished\":\"2020-01-30T09:15:09+00:00\",\"dateModified\":\"2020-03-04T01:23:00+00:00\",\"breadcrumb\":{\"@id\":\"https:\/\/centroloyolaelsalvador.org\/organizaciones\/historia\/#breadcrumb\"},\"inLanguage\":\"es\",\"potentialAction\":[{\"@type\":\"ReadAction\",\"target\":[\"https:\/\/centroloyolaelsalvador.org\/organizaciones\/historia\/\"]}]},{\"@type\":\"BreadcrumbList\",\"@id\":\"https:\/\/centroloyolaelsalvador.org\/organizaciones\/historia\/#breadcrumb\",\"itemListElement\":[{\"@type\":\"ListItem\",\"position\":1,\"item\":{\"@type\":\"WebPage\",\"@id\":\"https:\/\/centroloyolaelsalvador.org\/organizaciones\/\",\"url\":\"https:\/\/centroloyolaelsalvador.org\/organizaciones\/\",\"name\":\"Inicio\"}},{\"@type\":\"ListItem\",\"position\":2,\"item\":{\"@type\":\"WebPage\",\"@id\":\"https:\/\/centroloyolaelsalvador.org\/organizaciones\/historia\/\",\"url\":\"https:\/\/centroloyolaelsalvador.org\/organizaciones\/historia\/\",\"name\":\"Historia\"}}]}]}<\/script>\n<!-- \/ Yoast SEO plugin. -->","_links":{"self":[{"href":"https:\/\/centroloyolaelsalvador.org\/organizaciones\/wp-json\/wp\/v2\/pages\/586","targetHints":{"allow":["GET"]}}],"collection":[{"href":"https:\/\/centroloyolaelsalvador.org\/organizaciones\/wp-json\/wp\/v2\/pages"}],"about":[{"href":"https:\/\/centroloyolaelsalvador.org\/organizaciones\/wp-json\/wp\/v2\/types\/page"}],"author":[{"embeddable":true,"href":"https:\/\/centroloyolaelsalvador.org\/organizaciones\/wp-json\/wp\/v2\/users\/2"}],"replies":[{"embeddable":true,"href":"https:\/\/centroloyolaelsalvador.org\/organizaciones\/wp-json\/wp\/v2\/comments?post=586"}],"version-history":[{"count":6,"href":"https:\/\/centroloyolaelsalvador.org\/organizaciones\/wp-json\/wp\/v2\/pages\/586\/revisions"}],"predecessor-version":[{"id":3180,"href":"https:\/\/centroloyolaelsalvador.org\/organizaciones\/wp-json\/wp\/v2\/pages\/586\/revisions\/3180"}],"wp:attachment":[{"href":"https:\/\/centroloyolaelsalvador.org\/organizaciones\/wp-json\/wp\/v2\/media?parent=586"}],"curies":[{"name":"wp","href":"https:\/\/api.w.org\/{rel}","templated":true}]}}